{"id":3272,"date":"2023-05-11T16:00:44","date_gmt":"2023-05-11T19:00:44","guid":{"rendered":"https:\/\/mjoffice.com.br\/?post_type=product&#038;p=3272"},"modified":"2024-12-26T14:22:26","modified_gmt":"2024-12-26T17:22:26","slug":"conjunto-coletivo-fnde-cja-1","status":"publish","type":"product","link":"https:\/\/mjoffice.com.br\/?product=conjunto-coletivo-fnde-cja-1","title":{"rendered":"Conjunto Coletivo FNDE CJA 1"},"content":{"rendered":"<p>CONJUNTO ESCOLAR COLETIVO &#8211; TIPO FNDE &#8211; CJC01 &#8211; LARANJA<\/p>\n<p>INFANTIL &#8211; CRIAN\u00c7A 0,93 A 1,16 ALTURA<\/p>\n<p>Cadeira <span style=\"font-size: 16px;\">Estrutura em tubo de a\u00e7o 3\/4. Soldagem pelo processo MIG em todas as jun\u00e7\u00f5es, prote\u00e7\u00e3o da superf\u00edcie com tratamento especial anticorrosivo. Ponteiras, sapatas, assento e encosto em polipropileno, injetados na cor LARANJA. Pintura dos elementos met\u00e1licos com tinta em p\u00f3 h\u00edbrida ep\u00f3xi, eletrost\u00e1tica brilhante na cor CINZA. Assento (340x260mm) e encosto (336x168mm) em polipropileno injetados na cor LARANJA. Altura do assento ao ch\u00e3o 260mm.<\/span><\/p>\n<p class=\"m-0\"><span style=\"font-size: 16px;\">Mesa: Estrutura com p\u00e9s em tubo de a\u00e7o sec\u00e7\u00e3o circular di\u00e2metro de 38mm (1 1\/2&#8243;), em chapa 16 (1,5mm), travessas em tubo de a\u00e7o carbono sec\u00e7\u00e3o retangular de 20 x 40mm, em chapa 16 (1,5mm). Anel central com segmento de tubo de a\u00e7o sec\u00e7\u00e3o circular di\u00e2metro de 76,2mm (3&#8243;) com espessura de 3mm e h = 40mm. Fixa\u00e7\u00e3o do tampo \u00e0 estrutura atrav\u00e9s de parafusos rosca m\u00e1quina polegada, di\u00e2metro de 1\/4\u201d x comprimento 2\u201d cabe\u00ad\u00e7a chata. Sapatas em polipropileno copol\u00edmero virgem injetadas na cor laranja fixadas \u00e0 estrutura atrav\u00e9s de encaixe. Pintura das partes met\u00e1licos em tinta em p\u00f3 h\u00edbrida Ep\u00f3xi \/ Poli\u00e9ster, eletrost\u00e1tica, brilhante, polimerizada em estufa, espessura m\u00ednima de 40 micrometros na cor CINZA. Tampo em MDP ou MDF, espessura de 25mm, revesti\u00addo na face superior em laminado melam\u00ednico de alta press\u00e3o, 0,8mm de espessura, acabamento texturizado na cor CINZA, cantos arredondados .\u00a0<\/span><\/p>\n<p class=\"m-0\"><span style=\"font-size: 16px;\"> Dimens\u00f5es acabadas 800mm (largura) x 800mm (profundidade) x 25,8mm (espessura). <\/span><\/p>\n<p class=\"m-0\"><span style=\"font-size: 16px;\">Altura 460mm<\/span><\/p>\n","protected":false},"excerpt":{"rendered":"<p>CONJUNTO ESCOLAR COLETIVO &#8211; TIPO FNDE &#8211; CJC01 &#8211; LARANJA INFANTIL &#8211; CRIAN\u00c7A 0,93 A 1,16 ALTURA Cadeira Estrutura em tubo de a\u00e7o 3\/4. Soldagem pelo processo MIG em todas as jun\u00e7\u00f5es, prote\u00e7\u00e3o da superf\u00edcie com tratamento especial anticorrosivo. Ponteiras, sapatas, assento e encosto em polipropileno, injetados na cor LARANJA. Pintura dos elementos met\u00e1licos com [&hellip;]<\/p>\n","protected":false},"featured_media":4195,"comment_status":"open","ping_status":"closed","template":"","meta":{"site-sidebar-layout":"default","site-content-layout":"default","ast-site-content-layout":"default","site-content-style":"default","site-sidebar-style":"default","ast-global-header-display":"","ast-banner-title-visibility":"","ast-main-header-display":"","ast-hfb-above-header-display":"","ast-hfb-below-header-display":"","ast-hfb-mobile-header-display":"","site-post-title":"","ast-breadcrumbs-content":"","ast-featured-img":"","footer-sml-layout":"","ast-disable-related-posts":"","theme-transparent-header-meta":"default","adv-header-id-meta":"","stick-header-meta":"","header-above-stick-meta":"","header-main-stick-meta":"","header-below-stick-meta":"","astra-migrate-meta-layouts":"set","ast-page-background-enabled":"default","ast-page-background-meta":{"desktop":{"background-color":"","background-image":"","background-repeat":"repeat","background-position":"center center","background-size":"auto","background-attachment":"scroll","background-type":"","background-media":"","overlay-type":"","overlay-color":"","overlay-opacity":"","overlay-gradient":""},"tablet":{"background-color":"","background-image":"","background-repeat":"repeat","background-position":"center center","background-size":"auto","background-attachment":"scroll","background-type":"","background-media":"","overlay-type":"","overlay-color":"","overlay-opacity":"","overlay-gradient":""},"mobile":{"background-color":"","background-image":"","background-repeat":"repeat","background-position":"center center","background-size":"auto","background-attachment":"scroll","background-type":"","background-media":"","overlay-type":"","overlay-color":"","overlay-opacity":"","overlay-gradient":""}},"ast-content-background-meta":{"desktop":{"background-color":"var(--ast-global-color-5)","background-image":"","background-repeat":"repeat","background-position":"center center","background-size":"auto","background-attachment":"scroll","background-type":"","background-media":"","overlay-type":"","overlay-color":"","overlay-opacity":"","overlay-gradient":""},"tablet":{"background-color":"var(--ast-global-color-5)","background-image":"","background-repeat":"repeat","background-position":"center center","background-size":"auto","background-attachment":"scroll","background-type":"","background-media":"","overlay-type":"","overlay-color":"","overlay-opacity":"","overlay-gradient":""},"mobile":{"background-color":"var(--ast-global-color-5)","background-image":"","background-repeat":"repeat","background-position":"center center","background-size":"auto","background-attachment":"scroll","background-type":"","background-media":"","overlay-type":"","overlay-color":"","overlay-opacity":"","overlay-gradient":""}},"_joinchat":[]},"product_brand":[],"product_cat":[90,57],"product_tag":[],"class_list":{"0":"post-3272","1":"product","2":"type-product","3":"status-publish","4":"has-post-thumbnail","6":"product_cat-conjuntos-fnde","7":"product_cat-moveis-escolares","8":"desktop-align-center","9":"tablet-align-left","10":"mobile-align-left","12":"first","13":"instock","14":"taxable","15":"shipping-taxable","16":"purchasable","17":"product-type-simple"},"_links":{"self":[{"href":"https:\/\/mjoffice.com.br\/index.php?rest_route=\/wp\/v2\/product\/3272","targetHints":{"allow":["GET"]}}],"collection":[{"href":"https:\/\/mjoffice.com.br\/index.php?rest_route=\/wp\/v2\/product"}],"about":[{"href":"https:\/\/mjoffice.com.br\/index.php?rest_route=\/wp\/v2\/types\/product"}],"replies":[{"embeddable":true,"href":"https:\/\/mjoffice.com.br\/index.php?rest_route=%2Fwp%2Fv2%2Fcomments&post=3272"}],"version-history":[{"count":2,"href":"https:\/\/mjoffice.com.br\/index.php?rest_route=\/wp\/v2\/product\/3272\/revisions"}],"predecessor-version":[{"id":5965,"href":"https:\/\/mjoffice.com.br\/index.php?rest_route=\/wp\/v2\/product\/3272\/revisions\/5965"}],"wp:featuredmedia":[{"embeddable":true,"href":"https:\/\/mjoffice.com.br\/index.php?rest_route=\/wp\/v2\/media\/4195"}],"wp:attachment":[{"href":"https:\/\/mjoffice.com.br\/index.php?rest_route=%2Fwp%2Fv2%2Fmedia&parent=3272"}],"wp:term":[{"taxonomy":"product_brand","embeddable":true,"href":"https:\/\/mjoffice.com.br\/index.php?rest_route=%2Fwp%2Fv2%2Fproduct_brand&post=3272"},{"taxonomy":"product_cat","embeddable":true,"href":"https:\/\/mjoffice.com.br\/index.php?rest_route=%2Fwp%2Fv2%2Fproduct_cat&post=3272"},{"taxonomy":"product_tag","embeddable":true,"href":"https:\/\/mjoffice.com.br\/index.php?rest_route=%2Fwp%2Fv2%2Fproduct_tag&post=3272"}],"curies":[{"name":"wp","href":"https:\/\/api.w.org\/{rel}","templated":true}]}}